{"id":33,"date":"2021-04-06T17:06:46","date_gmt":"2021-04-06T17:06:46","guid":{"rendered":"https:\/\/geografiacriticaecuador.org\/justiciamigrante\/?page_id=33"},"modified":"2021-04-09T16:37:54","modified_gmt":"2021-04-09T16:37:54","slug":"uberizacion-del-trabajo-migrante","status":"publish","type":"page","link":"https:\/\/geografiacriticaecuador.org\/justiciamigrante\/infografias\/uberizacion-del-trabajo-migrante\/","title":{"rendered":"1. Uberizaci\u00f3n del trabajo"},"content":{"rendered":"\n<p>Infograf\u00eda que muestra la situaci\u00f3n laboral de la poblaci\u00f3n venezolana encuestada por la EDVE, reforzada con relatos de c\u00f3mo se concreta en determinados sectores econ\u00f3micos.<\/p>\n\n\n\n<div class=\"wp-block-file\"><a href=\"https:\/\/geografiacriticaecuador.org\/justiciamigrante\/wp-content\/uploads\/2021\/04\/01-TRABAJO.pdf\">Qu\u00e9 no dice tu factura de Uber Eats o Glovo<\/a><a href=\"https:\/\/geografiacriticaecuador.org\/justiciamigrante\/wp-content\/uploads\/2021\/04\/01-TRABAJO.pdf\" class=\"wp-block-file__button\" download>Descarga PDF a gran tama\u00f1o<\/a><\/div>\n\n\n\n<figure class=\"wp-block-gallery columns-1 is-cropped wp-block-gallery-1 is-layout-flex wp-block-gallery-is-layout-flex\"><ul class=\"blocks-gallery-grid\"><li class=\"blocks-gallery-item\"><figure><a href=\"https:\/\/geografiacriticaecuador.org\/justiciamigrante\/infografias\/uberizacion-del-trabajo-migrante\/attachment\/1\/\"><img loading=\"lazy\" decoding=\"async\" width=\"2049\" height=\"2560\" src=\"https:\/\/geografiacriticaecuador.org\/justiciamigrante\/wp-content\/uploads\/2021\/04\/1-scaled.jpg\" alt=\"\" data-id=\"204\" data-full-url=\"https:\/\/geografiacriticaecuador.org\/justiciamigrante\/wp-content\/uploads\/2021\/04\/1-scaled.jpg\" data-link=\"https:\/\/geografiacriticaecuador.org\/justiciamigrante\/infografias\/uberizacion-del-trabajo-migrante\/attachment\/1\/\" class=\"wp-image-204\" srcset=\"https:\/\/geografiacriticaecuador.org\/justiciamigrante\/wp-content\/uploads\/2021\/04\/1-scaled.jpg 2049w, https:\/\/geografiacriticaecuador.org\/justiciamigrante\/wp-content\/uploads\/2021\/04\/1-240x300.jpg 240w, https:\/\/geografiacriticaecuador.org\/justiciamigrante\/wp-content\/uploads\/2021\/04\/1-819x1024.jpg 819w, https:\/\/geografiacriticaecuador.org\/justiciamigrante\/wp-content\/uploads\/2021\/04\/1-768x960.jpg 768w, https:\/\/geografiacriticaecuador.org\/justiciamigrante\/wp-content\/uploads\/2021\/04\/1-1229x1536.jpg 1229w\" sizes=\"auto, (max-width: 2049px) 100vw, 2049px\" \/><\/a><\/figure><\/li><li class=\"blocks-gallery-item\"><figure><a href=\"https:\/\/geografiacriticaecuador.org\/justiciamigrante\/infografias\/uberizacion-del-trabajo-migrante\/attachment\/2\/\"><img loading=\"lazy\" decoding=\"async\" width=\"2049\" height=\"2560\" src=\"https:\/\/geografiacriticaecuador.org\/justiciamigrante\/wp-content\/uploads\/2021\/04\/2-scaled.jpg\" alt=\"\" data-id=\"205\" data-full-url=\"https:\/\/geografiacriticaecuador.org\/justiciamigrante\/wp-content\/uploads\/2021\/04\/2-scaled.jpg\" data-link=\"https:\/\/geografiacriticaecuador.org\/justiciamigrante\/infografias\/uberizacion-del-trabajo-migrante\/attachment\/2\/\" class=\"wp-image-205\" srcset=\"https:\/\/geografiacriticaecuador.org\/justiciamigrante\/wp-content\/uploads\/2021\/04\/2-scaled.jpg 2049w, https:\/\/geografiacriticaecuador.org\/justiciamigrante\/wp-content\/uploads\/2021\/04\/2-240x300.jpg 240w, https:\/\/geografiacriticaecuador.org\/justiciamigrante\/wp-content\/uploads\/2021\/04\/2-819x1024.jpg 819w, https:\/\/geografiacriticaecuador.org\/justiciamigrante\/wp-content\/uploads\/2021\/04\/2-768x960.jpg 768w, https:\/\/geografiacriticaecuador.org\/justiciamigrante\/wp-content\/uploads\/2021\/04\/2-1229x1536.jpg 1229w\" sizes=\"auto, (max-width: 2049px) 100vw, 2049px\" \/><\/a><\/figure><\/li><li class=\"blocks-gallery-item\"><figure><a href=\"https:\/\/geografiacriticaecuador.org\/justiciamigrante\/infografias\/uberizacion-del-trabajo-migrante\/attachment\/3\/\"><img loading=\"lazy\" decoding=\"async\" width=\"2048\" height=\"2560\" src=\"https:\/\/geografiacriticaecuador.org\/justiciamigrante\/wp-content\/uploads\/2021\/04\/3-scaled.jpg\" alt=\"\" data-id=\"206\" data-full-url=\"https:\/\/geografiacriticaecuador.org\/justiciamigrante\/wp-content\/uploads\/2021\/04\/3-scaled.jpg\" data-link=\"https:\/\/geografiacriticaecuador.org\/justiciamigrante\/infografias\/uberizacion-del-trabajo-migrante\/attachment\/3\/\" class=\"wp-image-206\" srcset=\"https:\/\/geografiacriticaecuador.org\/justiciamigrante\/wp-content\/uploads\/2021\/04\/3-scaled.jpg 2048w, https:\/\/geografiacriticaecuador.org\/justiciamigrante\/wp-content\/uploads\/2021\/04\/3-240x300.jpg 240w, https:\/\/geografiacriticaecuador.org\/justiciamigrante\/wp-content\/uploads\/2021\/04\/3-819x1024.jpg 819w, https:\/\/geografiacriticaecuador.org\/justiciamigrante\/wp-content\/uploads\/2021\/04\/3-768x960.jpg 768w, https:\/\/geografiacriticaecuador.org\/justiciamigrante\/wp-content\/uploads\/2021\/04\/3-1229x1536.jpg 1229w\" sizes=\"auto, (max-width: 2048px) 100vw, 2048px\" \/><\/a><\/figure><\/li><li class=\"blocks-gallery-item\"><figure><a href=\"https:\/\/geografiacriticaecuador.org\/justiciamigrante\/infografias\/uberizacion-del-trabajo-migrante\/attachment\/4\/\"><img loading=\"lazy\" decoding=\"async\" width=\"2049\" height=\"2560\" src=\"https:\/\/geografiacriticaecuador.org\/justiciamigrante\/wp-content\/uploads\/2021\/04\/4-scaled.jpg\" alt=\"\" data-id=\"207\" data-full-url=\"https:\/\/geografiacriticaecuador.org\/justiciamigrante\/wp-content\/uploads\/2021\/04\/4-scaled.jpg\" data-link=\"https:\/\/geografiacriticaecuador.org\/justiciamigrante\/infografias\/uberizacion-del-trabajo-migrante\/attachment\/4\/\" class=\"wp-image-207\" srcset=\"https:\/\/geografiacriticaecuador.org\/justiciamigrante\/wp-content\/uploads\/2021\/04\/4-scaled.jpg 2049w, https:\/\/geografiacriticaecuador.org\/justiciamigrante\/wp-content\/uploads\/2021\/04\/4-240x300.jpg 240w, https:\/\/geografiacriticaecuador.org\/justiciamigrante\/wp-content\/uploads\/2021\/04\/4-819x1024.jpg 819w, https:\/\/geografiacriticaecuador.org\/justiciamigrante\/wp-content\/uploads\/2021\/04\/4-768x960.jpg 768w, https:\/\/geografiacriticaecuador.org\/justiciamigrante\/wp-content\/uploads\/2021\/04\/4-1229x1536.jpg 1229w, https:\/\/geografiacriticaecuador.org\/justiciamigrante\/wp-content\/uploads\/2021\/04\/4-1639x2048.jpg 1639w, https:\/\/geografiacriticaecuador.org\/justiciamigrante\/wp-content\/uploads\/2021\/04\/4-1024x1280.jpg 1024w\" sizes=\"auto, (max-width: 2049px) 100vw, 2049px\" \/><\/a><\/figure><\/li><li class=\"blocks-gallery-item\"><figure><a href=\"https:\/\/geografiacriticaecuador.org\/justiciamigrante\/infografias\/uberizacion-del-trabajo-migrante\/attachment\/5\/\"><img loading=\"lazy\" decoding=\"async\" width=\"2049\" height=\"2560\" src=\"https:\/\/geografiacriticaecuador.org\/justiciamigrante\/wp-content\/uploads\/2021\/04\/5-scaled.jpg\" alt=\"\" data-id=\"208\" data-full-url=\"https:\/\/geografiacriticaecuador.org\/justiciamigrante\/wp-content\/uploads\/2021\/04\/5-scaled.jpg\" data-link=\"https:\/\/geografiacriticaecuador.org\/justiciamigrante\/infografias\/uberizacion-del-trabajo-migrante\/attachment\/5\/\" class=\"wp-image-208\" srcset=\"https:\/\/geografiacriticaecuador.org\/justiciamigrante\/wp-content\/uploads\/2021\/04\/5-scaled.jpg 2049w, https:\/\/geografiacriticaecuador.org\/justiciamigrante\/wp-content\/uploads\/2021\/04\/5-240x300.jpg 240w, https:\/\/geografiacriticaecuador.org\/justiciamigrante\/wp-content\/uploads\/2021\/04\/5-819x1024.jpg 819w, https:\/\/geografiacriticaecuador.org\/justiciamigrante\/wp-content\/uploads\/2021\/04\/5-768x960.jpg 768w, https:\/\/geografiacriticaecuador.org\/justiciamigrante\/wp-content\/uploads\/2021\/04\/5-1229x1536.jpg 1229w\" sizes=\"auto, (max-width: 2049px) 100vw, 2049px\" \/><\/a><\/figure><\/li><\/ul><\/figure>\n","protected":false},"excerpt":{"rendered":"<p>Infograf\u00eda que muestra la situaci\u00f3n laboral de la poblaci\u00f3n venezolana encuestada por la EDVE, reforzada<\/p>\n","protected":false},"author":1,"featured_media":0,"parent":11,"menu_order":1,"comment_status":"closed","ping_status":"closed","template":"","meta":{"nf_dc_page":"","footnotes":""},"class_list":["post-33","page","type-page","status-publish","hentry"],"_links":{"self":[{"href":"https:\/\/geografiacriticaecuador.org\/justiciamigrante\/wp-json\/wp\/v2\/pages\/33","targetHints":{"allow":["GET"]}}],"collection":[{"href":"https:\/\/geografiacriticaecuador.org\/justiciamigrante\/wp-json\/wp\/v2\/pages"}],"about":[{"href":"https:\/\/geografiacriticaecuador.org\/justiciamigrante\/wp-json\/wp\/v2\/types\/page"}],"author":[{"embeddable":true,"href":"https:\/\/geografiacriticaecuador.org\/justiciamigrante\/wp-json\/wp\/v2\/users\/1"}],"replies":[{"embeddable":true,"href":"https:\/\/geografiacriticaecuador.org\/justiciamigrante\/wp-json\/wp\/v2\/comments?post=33"}],"version-history":[{"count":8,"href":"https:\/\/geografiacriticaecuador.org\/justiciamigrante\/wp-json\/wp\/v2\/pages\/33\/revisions"}],"predecessor-version":[{"id":275,"href":"https:\/\/geografiacriticaecuador.org\/justiciamigrante\/wp-json\/wp\/v2\/pages\/33\/revisions\/275"}],"up":[{"embeddable":true,"href":"https:\/\/geografiacriticaecuador.org\/justiciamigrante\/wp-json\/wp\/v2\/pages\/11"}],"wp:attachment":[{"href":"https:\/\/geografiacriticaecuador.org\/justiciamigrante\/wp-json\/wp\/v2\/media?parent=33"}],"curies":[{"name":"wp","href":"https:\/\/api.w.org\/{rel}","templated":true}]}}