{"id":49,"date":"2021-04-06T17:15:56","date_gmt":"2021-04-06T17:15:56","guid":{"rendered":"https:\/\/geografiacriticaecuador.org\/justiciamigrante\/?page_id=49"},"modified":"2021-05-11T08:54:59","modified_gmt":"2021-05-11T08:54:59","slug":"8-lucha-migrante","status":"publish","type":"page","link":"https:\/\/geografiacriticaecuador.org\/justiciamigrante\/infografias\/8-lucha-migrante\/","title":{"rendered":"8. Lucha migrante"},"content":{"rendered":"\n<p>Infograf\u00eda que muestra c\u00f3mo la desatenci\u00f3n estatal durante la pandemia a la poblaci\u00f3n en situaci\u00f3n de movilidad en Ecuador, ha tenido como respuesta mayoritaria las redes de apoyo mutuo de las personas migrantes.<\/p>\n\n\n\n<div class=\"wp-block-file\"><a href=\"https:\/\/geografiacriticaecuador.org\/justiciamigrante\/wp-content\/uploads\/2021\/05\/08-DESATENCION.pdf\">Ante la desaparici\u00f3n del Estado, lucha migrante<\/a><a href=\"https:\/\/geografiacriticaecuador.org\/justiciamigrante\/wp-content\/uploads\/2021\/05\/08-DESATENCION.pdf\" class=\"wp-block-file__button\" download>Descarga PDF a gran tama\u00f1o<\/a><\/div>\n\n\n\n<figure class=\"wp-block-gallery columns-1 is-cropped wp-block-gallery-1 is-layout-flex wp-block-gallery-is-layout-flex\"><ul class=\"blocks-gallery-grid\"><li class=\"blocks-gallery-item\"><figure><img loading=\"lazy\" decoding=\"async\" width=\"819\" height=\"1024\" src=\"https:\/\/geografiacriticaecuador.org\/justiciamigrante\/wp-content\/uploads\/2021\/05\/08-DESATENCION-02-1-819x1024.jpg\" alt=\"\" data-id=\"327\" data-full-url=\"https:\/\/geografiacriticaecuador.org\/justiciamigrante\/wp-content\/uploads\/2021\/05\/08-DESATENCION-02-1-scaled.jpg\" data-link=\"https:\/\/geografiacriticaecuador.org\/justiciamigrante\/infografias\/8-lucha-migrante\/08-desatencion-02-1\/\" class=\"wp-image-327\" srcset=\"https:\/\/geografiacriticaecuador.org\/justiciamigrante\/wp-content\/uploads\/2021\/05\/08-DESATENCION-02-1-819x1024.jpg 819w, https:\/\/geografiacriticaecuador.org\/justiciamigrante\/wp-content\/uploads\/2021\/05\/08-DESATENCION-02-1-240x300.jpg 240w, https:\/\/geografiacriticaecuador.org\/justiciamigrante\/wp-content\/uploads\/2021\/05\/08-DESATENCION-02-1-768x960.jpg 768w, https:\/\/geografiacriticaecuador.org\/justiciamigrante\/wp-content\/uploads\/2021\/05\/08-DESATENCION-02-1-1229x1536.jpg 1229w, https:\/\/geografiacriticaecuador.org\/justiciamigrante\/wp-content\/uploads\/2021\/05\/08-DESATENCION-02-1-1639x2048.jpg 1639w, https:\/\/geografiacriticaecuador.org\/justiciamigrante\/wp-content\/uploads\/2021\/05\/08-DESATENCION-02-1-1024x1280.jpg 1024w\" sizes=\"auto, (max-width: 819px) 100vw, 819px\" \/><\/figure><\/li><li class=\"blocks-gallery-item\"><figure><img loading=\"lazy\" decoding=\"async\" width=\"819\" height=\"1024\" src=\"https:\/\/geografiacriticaecuador.org\/justiciamigrante\/wp-content\/uploads\/2021\/05\/08-DESATENCION-03-819x1024.jpg\" alt=\"\" data-id=\"323\" data-full-url=\"https:\/\/geografiacriticaecuador.org\/justiciamigrante\/wp-content\/uploads\/2021\/05\/08-DESATENCION-03-scaled.jpg\" data-link=\"https:\/\/geografiacriticaecuador.org\/justiciamigrante\/infografias\/8-lucha-migrante\/08-desatencion-03\/\" class=\"wp-image-323\" srcset=\"https:\/\/geografiacriticaecuador.org\/justiciamigrante\/wp-content\/uploads\/2021\/05\/08-DESATENCION-03-819x1024.jpg 819w, https:\/\/geografiacriticaecuador.org\/justiciamigrante\/wp-content\/uploads\/2021\/05\/08-DESATENCION-03-240x300.jpg 240w, https:\/\/geografiacriticaecuador.org\/justiciamigrante\/wp-content\/uploads\/2021\/05\/08-DESATENCION-03-768x960.jpg 768w, https:\/\/geografiacriticaecuador.org\/justiciamigrante\/wp-content\/uploads\/2021\/05\/08-DESATENCION-03-1229x1536.jpg 1229w\" sizes=\"auto, (max-width: 819px) 100vw, 819px\" \/><\/figure><\/li><li class=\"blocks-gallery-item\"><figure><img loading=\"lazy\" decoding=\"async\" width=\"819\" height=\"1024\" src=\"https:\/\/geografiacriticaecuador.org\/justiciamigrante\/wp-content\/uploads\/2021\/05\/08-DESATENCION-04-2-819x1024.jpg\" alt=\"\" data-id=\"335\" data-full-url=\"https:\/\/geografiacriticaecuador.org\/justiciamigrante\/wp-content\/uploads\/2021\/05\/08-DESATENCION-04-2.jpg\" data-link=\"https:\/\/geografiacriticaecuador.org\/justiciamigrante\/infografias\/8-lucha-migrante\/08-desatencion-04-2\/\" class=\"wp-image-335\" srcset=\"https:\/\/geografiacriticaecuador.org\/justiciamigrante\/wp-content\/uploads\/2021\/05\/08-DESATENCION-04-2-819x1024.jpg 819w, https:\/\/geografiacriticaecuador.org\/justiciamigrante\/wp-content\/uploads\/2021\/05\/08-DESATENCION-04-2-240x300.jpg 240w, https:\/\/geografiacriticaecuador.org\/justiciamigrante\/wp-content\/uploads\/2021\/05\/08-DESATENCION-04-2-768x960.jpg 768w, https:\/\/geografiacriticaecuador.org\/justiciamigrante\/wp-content\/uploads\/2021\/05\/08-DESATENCION-04-2-1024x1280.jpg 1024w, https:\/\/geografiacriticaecuador.org\/justiciamigrante\/wp-content\/uploads\/2021\/05\/08-DESATENCION-04-2.jpg 1081w\" sizes=\"auto, (max-width: 819px) 100vw, 819px\" \/><\/figure><\/li><li class=\"blocks-gallery-item\"><figure><img loading=\"lazy\" decoding=\"async\" width=\"819\" height=\"1024\" src=\"https:\/\/geografiacriticaecuador.org\/justiciamigrante\/wp-content\/uploads\/2021\/04\/4-6-819x1024.jpg\" alt=\"\" data-id=\"293\" data-full-url=\"https:\/\/geografiacriticaecuador.org\/justiciamigrante\/wp-content\/uploads\/2021\/04\/4-6-scaled.jpg\" data-link=\"https:\/\/geografiacriticaecuador.org\/justiciamigrante\/4-6\/\" class=\"wp-image-293\" srcset=\"https:\/\/geografiacriticaecuador.org\/justiciamigrante\/wp-content\/uploads\/2021\/04\/4-6-819x1024.jpg 819w, https:\/\/geografiacriticaecuador.org\/justiciamigrante\/wp-content\/uploads\/2021\/04\/4-6-240x300.jpg 240w, https:\/\/geografiacriticaecuador.org\/justiciamigrante\/wp-content\/uploads\/2021\/04\/4-6-768x960.jpg 768w, https:\/\/geografiacriticaecuador.org\/justiciamigrante\/wp-content\/uploads\/2021\/04\/4-6-1229x1536.jpg 1229w, https:\/\/geografiacriticaecuador.org\/justiciamigrante\/wp-content\/uploads\/2021\/04\/4-6-1639x2048.jpg 1639w, https:\/\/geografiacriticaecuador.org\/justiciamigrante\/wp-content\/uploads\/2021\/04\/4-6-1024x1280.jpg 1024w\" sizes=\"auto, (max-width: 819px) 100vw, 819px\" \/><\/figure><\/li><\/ul><\/figure>\n\n\n\n<p><\/p>\n","protected":false},"excerpt":{"rendered":"<p>Infograf\u00eda que muestra c\u00f3mo la desatenci\u00f3n estatal durante la pandemia a la poblaci\u00f3n en situaci\u00f3n<\/p>\n","protected":false},"author":1,"featured_media":0,"parent":11,"menu_order":8,"comment_status":"closed","ping_status":"closed","template":"","meta":{"nf_dc_page":"","footnotes":""},"class_list":["post-49","page","type-page","status-publish","hentry"],"_links":{"self":[{"href":"https:\/\/geografiacriticaecuador.org\/justiciamigrante\/wp-json\/wp\/v2\/pages\/49","targetHints":{"allow":["GET"]}}],"collection":[{"href":"https:\/\/geografiacriticaecuador.org\/justiciamigrante\/wp-json\/wp\/v2\/pages"}],"about":[{"href":"https:\/\/geografiacriticaecuador.org\/justiciamigrante\/wp-json\/wp\/v2\/types\/page"}],"author":[{"embeddable":true,"href":"https:\/\/geografiacriticaecuador.org\/justiciamigrante\/wp-json\/wp\/v2\/users\/1"}],"replies":[{"embeddable":true,"href":"https:\/\/geografiacriticaecuador.org\/justiciamigrante\/wp-json\/wp\/v2\/comments?post=49"}],"version-history":[{"count":6,"href":"https:\/\/geografiacriticaecuador.org\/justiciamigrante\/wp-json\/wp\/v2\/pages\/49\/revisions"}],"predecessor-version":[{"id":337,"href":"https:\/\/geografiacriticaecuador.org\/justiciamigrante\/wp-json\/wp\/v2\/pages\/49\/revisions\/337"}],"up":[{"embeddable":true,"href":"https:\/\/geografiacriticaecuador.org\/justiciamigrante\/wp-json\/wp\/v2\/pages\/11"}],"wp:attachment":[{"href":"https:\/\/geografiacriticaecuador.org\/justiciamigrante\/wp-json\/wp\/v2\/media?parent=49"}],"curies":[{"name":"wp","href":"https:\/\/api.w.org\/{rel}","templated":true}]}}